{"id":1457,"date":"2026-04-04T06:52:21","date_gmt":"2026-04-04T06:52:21","guid":{"rendered":"https:\/\/iglesiafamiliadefe.org\/?page_id=1457"},"modified":"2026-04-07T06:09:15","modified_gmt":"2026-04-07T06:09:15","slug":"reuniones","status":"publish","type":"page","link":"https:\/\/iglesiafamiliadefe.org\/index.php\/reuniones\/","title":{"rendered":"Reuniones"},"content":{"rendered":"\r\n\r\n<div class=\"et_pb_section_0 et_pb_section et_section_regular et_block_section\">\r\n\r\n<div class=\"et_pb_row_0 et_pb_row et_pb_gutters3 et_block_row\">\r\n\r\n<div class=\"et_pb_column_0 et_pb_column et_pb_column_4_4 et-last-child et_block_column et_pb_css_mix_blend_mode_passthrough\">\r\n\r\n<div class=\"et_pb_text_0 et_pb_text et_pb_bg_layout_light et_pb_module et_flex_module\"><div class=\"et_pb_text_inner\"><h1><strong>Reuni\u00f3n de<span style=\"color: #fcbc2b; font-family: Enriqueta;\"><em> Mujeres<\/em><\/span><\/strong><\/h1>\n<\/div><\/div>\r\n\r\n<div class=\"et_pb_text_1 et_pb_text et_pb_bg_layout_light et_pb_module et_flex_module\"><div class=\"et_pb_text_inner\"><p data-path-to-node=\"2,0\" style=\"text-align: justify;\">Este es un espacio dedicado a fortalecer el coraz\u00f3n y la fe de cada mujer. Nos reunimos el <b data-path-to-node=\"2,0\" data-index-in-node=\"91\">primer s\u00e1bado de cada mes<\/b> con un prop\u00f3sito claro: profundizar en el estudio de la Palabra, cultivar amistades genuinas y compartir la vida.<\/p>\n<p data-path-to-node=\"2,1\" style=\"text-align: justify;\">En este grupo no importa la edad ni la etapa de vida en la que te encuentres; nuestra verdadera intenci\u00f3n es unirnos m\u00e1s a trav\u00e9s de las verdades del <b data-path-to-node=\"2,1\" data-index-in-node=\"150\">Evangelio<\/b>. Es una oportunidad para crecer juntas, apoyarnos en oraci\u00f3n y disfrutar de un tiempo en comunidad.<\/p>\n<\/div><\/div><\/div><\/div><\/div>\r\n\r\n<div class=\"et_pb_section_1 et_pb_section et_section_regular et_flex_section\">\r\n\r\n<div class=\"et_pb_row_1 et_pb_row et_pb_gutters3 et_grid_row\">\r\n\r\n<div class=\"et_pb_column_1 et_pb_column et_flex_column et_pb_css_mix_blend_mode_passthrough\">\r\n\r\n<div class=\"et_pb_image_0 et_pb_image et_pb_module et_flex_module\"><span class=\"et_pb_image_wrap\"><img loading=\"lazy\" decoding=\"async\" src=\"https:\/\/iglesiafamiliadefe.org\/wp-content\/uploads\/2026\/04\/650229541_18311561437259134_3754224327779187272_n.jpg\" title=\"650229541_18311561437259134_3754224327779187272_n\" width=\"1066\" height=\"710\" srcset=\"https:\/\/iglesiafamiliadefe.org\/wp-content\/uploads\/2026\/04\/650229541_18311561437259134_3754224327779187272_n.jpg 1066w, https:\/\/iglesiafamiliadefe.org\/wp-content\/uploads\/2026\/04\/650229541_18311561437259134_3754224327779187272_n-980x653.jpg 980w, https:\/\/iglesiafamiliadefe.org\/wp-content\/uploads\/2026\/04\/650229541_18311561437259134_3754224327779187272_n-480x320.jpg 480w\" sizes=\"(min-width: 0px) and (max-width: 480px) 480px, (min-width: 481px) and (max-width: 980px) 980px, (min-width: 981px) 1066px, 100vw\" class=\"wp-image-1463\" \/><\/span><\/div>\r\n\r\n<div class=\"et_pb_image_1 et_pb_image et_pb_module et_flex_module\"><span class=\"et_pb_image_wrap\"><img loading=\"lazy\" decoding=\"async\" src=\"https:\/\/iglesiafamiliadefe.org\/wp-content\/uploads\/2026\/04\/650643413_18311561317259134_7340857924317001092_n.jpg\" title=\"650643413_18311561317259134_7340857924317001092_n\" width=\"1065\" height=\"710\" srcset=\"https:\/\/iglesiafamiliadefe.org\/wp-content\/uploads\/2026\/04\/650643413_18311561317259134_7340857924317001092_n.jpg 1065w, https:\/\/iglesiafamiliadefe.org\/wp-content\/uploads\/2026\/04\/650643413_18311561317259134_7340857924317001092_n-980x653.jpg 980w, https:\/\/iglesiafamiliadefe.org\/wp-content\/uploads\/2026\/04\/650643413_18311561317259134_7340857924317001092_n-480x320.jpg 480w\" sizes=\"(min-width: 0px) and (max-width: 480px) 480px, (min-width: 481px) and (max-width: 980px) 980px, (min-width: 981px) 1065px, 100vw\" class=\"wp-image-1464\" \/><\/span><\/div><\/div>\r\n\r\n<div class=\"et_pb_column_2 et_pb_column et_flex_column et_pb_css_mix_blend_mode_passthrough\">\r\n\r\n<div class=\"et_pb_image_2 et_pb_image et_pb_module et_flex_module\"><span class=\"et_pb_image_wrap\"><img loading=\"lazy\" decoding=\"async\" src=\"https:\/\/iglesiafamiliadefe.org\/wp-content\/uploads\/2026\/04\/651046943_18311561341259134_5267652212492580469_n.jpg\" title=\"651046943_18311561341259134_5267652212492580469_n\" width=\"1065\" height=\"710\" srcset=\"https:\/\/iglesiafamiliadefe.org\/wp-content\/uploads\/2026\/04\/651046943_18311561341259134_5267652212492580469_n.jpg 1065w, https:\/\/iglesiafamiliadefe.org\/wp-content\/uploads\/2026\/04\/651046943_18311561341259134_5267652212492580469_n-980x653.jpg 980w, https:\/\/iglesiafamiliadefe.org\/wp-content\/uploads\/2026\/04\/651046943_18311561341259134_5267652212492580469_n-480x320.jpg 480w\" sizes=\"(min-width: 0px) and (max-width: 480px) 480px, (min-width: 481px) and (max-width: 980px) 980px, (min-width: 981px) 1065px, 100vw\" class=\"wp-image-1465\" \/><\/span><\/div><\/div>\r\n\r\n<div class=\"et_pb_column_3 et_pb_column et-last-child et_flex_column et_pb_css_mix_blend_mode_passthrough\">\r\n\r\n<div class=\"et_pb_image_3 et_pb_image et_pb_module et_flex_module\"><span class=\"et_pb_image_wrap\"><img loading=\"lazy\" decoding=\"async\" src=\"https:\/\/iglesiafamiliadefe.org\/wp-content\/uploads\/2026\/04\/651037304_18311561392259134_5981395372160804288_n.jpg\" title=\"651037304_18311561392259134_5981395372160804288_n\" width=\"1066\" height=\"710\" srcset=\"https:\/\/iglesiafamiliadefe.org\/wp-content\/uploads\/2026\/04\/651037304_18311561392259134_5981395372160804288_n.jpg 1066w, https:\/\/iglesiafamiliadefe.org\/wp-content\/uploads\/2026\/04\/651037304_18311561392259134_5981395372160804288_n-980x653.jpg 980w, https:\/\/iglesiafamiliadefe.org\/wp-content\/uploads\/2026\/04\/651037304_18311561392259134_5981395372160804288_n-480x320.jpg 480w\" sizes=\"(min-width: 0px) and (max-width: 480px) 480px, (min-width: 481px) and (max-width: 980px) 980px, (min-width: 981px) 1066px, 100vw\" class=\"wp-image-1467\" \/><\/span><\/div>\r\n\r\n<div class=\"et_pb_image_4 et_pb_image et_pb_module et_flex_module\"><span class=\"et_pb_image_wrap\"><img loading=\"lazy\" decoding=\"async\" src=\"https:\/\/iglesiafamiliadefe.org\/wp-content\/uploads\/2026\/04\/650224304_18311561299259134_4044777300666697629_n.jpg\" title=\"650224304_18311561299259134_4044777300666697629_n\" width=\"1065\" height=\"710\" srcset=\"https:\/\/iglesiafamiliadefe.org\/wp-content\/uploads\/2026\/04\/650224304_18311561299259134_4044777300666697629_n.jpg 1065w, https:\/\/iglesiafamiliadefe.org\/wp-content\/uploads\/2026\/04\/650224304_18311561299259134_4044777300666697629_n-980x653.jpg 980w, https:\/\/iglesiafamiliadefe.org\/wp-content\/uploads\/2026\/04\/650224304_18311561299259134_4044777300666697629_n-480x320.jpg 480w\" sizes=\"(min-width: 0px) and (max-width: 480px) 480px, (min-width: 481px) and (max-width: 980px) 980px, (min-width: 981px) 1065px, 100vw\" class=\"wp-image-1466\" \/><\/span><\/div><\/div><\/div><\/div>\r\n\r\n<div class=\"et_pb_section_2 et_pb_section et_section_regular et_block_section\">\r\n\r\n<div class=\"et_pb_row_2 et_pb_row et_pb_gutters3 et_block_row\">\r\n\r\n<div class=\"et_pb_column_4 et_pb_column et_pb_column_4_4 et-last-child et_block_column et_pb_css_mix_blend_mode_passthrough\">\r\n\r\n<div class=\"et_pb_text_2 et_pb_text et_pb_bg_layout_light et_pb_module et_flex_module\"><div class=\"et_pb_text_inner\"><h1><strong>Reuni\u00f3n de<span style=\"color: #fcbc2b; font-family: Enriqueta;\"><em> Hombres<\/em><\/span><\/strong><\/h1>\n<\/div><\/div>\r\n\r\n<div class=\"et_pb_text_3 et_pb_text et_pb_bg_layout_light et_pb_module et_flex_module\"><div class=\"et_pb_text_inner\"><p data-path-to-node=\"4\" style=\"text-align: justify;\">Este es un espacio dedicado a fortalecer el car\u00e1cter y la fe de cada hombre en nuestra iglesia. Nos reunimos con el prop\u00f3sito claro de <b data-path-to-node=\"4\" data-index-in-node=\"135\">capacitarnos para vivir una vida piadosa y digna de Cristo<\/b>, llevando el Evangelio a cada \u00e1rea de nuestro d\u00eda a d\u00eda.<\/p>\n<p data-path-to-node=\"5\" style=\"text-align: justify;\">Sin importar tu edad o etapa de vida, nuestra intenci\u00f3n es forjar <b data-path-to-node=\"5\" data-index-in-node=\"66\">amistades significativas<\/b>, cultivar la <b data-path-to-node=\"5\" data-index-in-node=\"104\">rendici\u00f3n de cuentas<\/b> y caminar juntos en el <b data-path-to-node=\"5\" data-index-in-node=\"148\">discipulado<\/b>. Es una oportunidad para crecer con integridad, apoyarnos en oraci\u00f3n y disfrutar de un tiempo de comunidad.<\/p>\n<\/div><\/div><\/div><\/div><\/div>\r\n\r\n<div class=\"et_pb_section_3 et_pb_section et_section_regular et_flex_section\">\r\n\r\n<div class=\"et_pb_row_3 et_pb_row et_pb_gutters3 et_grid_row\">\r\n\r\n<div class=\"et_pb_column_5 et_pb_column et_flex_column et_pb_css_mix_blend_mode_passthrough\">\r\n\r\n<div class=\"et_pb_image_5 et_pb_image et_pb_module et_flex_module\"><span class=\"et_pb_image_wrap\"><img loading=\"lazy\" decoding=\"async\" src=\"https:\/\/iglesiafamiliadefe.org\/wp-content\/uploads\/2026\/04\/623583096_1207868634882768_4802974072800335907_n.jpg\" title=\"623583096_1207868634882768_4802974072800335907_n\" width=\"1440\" height=\"1151\" srcset=\"https:\/\/iglesiafamiliadefe.org\/wp-content\/uploads\/2026\/04\/623583096_1207868634882768_4802974072800335907_n.jpg 1440w, https:\/\/iglesiafamiliadefe.org\/wp-content\/uploads\/2026\/04\/623583096_1207868634882768_4802974072800335907_n-1280x1023.jpg 1280w, https:\/\/iglesiafamiliadefe.org\/wp-content\/uploads\/2026\/04\/623583096_1207868634882768_4802974072800335907_n-980x783.jpg 980w, https:\/\/iglesiafamiliadefe.org\/wp-content\/uploads\/2026\/04\/623583096_1207868634882768_4802974072800335907_n-480x384.jpg 480w\" sizes=\"(min-width: 0px) and (max-width: 480px) 480px, (min-width: 481px) and (max-width: 980px) 980px, (min-width: 981px) and (max-width: 1280px) 1280px, (min-width: 1281px) 1440px, 100vw\" class=\"wp-image-1474\" \/><\/span><\/div>\r\n\r\n<div class=\"et_pb_image_6 et_pb_image et_pb_module et_flex_module\"><span class=\"et_pb_image_wrap\"><img loading=\"lazy\" decoding=\"async\" src=\"https:\/\/iglesiafamiliadefe.org\/wp-content\/uploads\/2026\/04\/623171049_1207868654882766_1753135119630731602_n.jpg\" title=\"623171049_1207868654882766_1753135119630731602_n\" width=\"1440\" height=\"1152\" srcset=\"https:\/\/iglesiafamiliadefe.org\/wp-content\/uploads\/2026\/04\/623171049_1207868654882766_1753135119630731602_n.jpg 1440w, https:\/\/iglesiafamiliadefe.org\/wp-content\/uploads\/2026\/04\/623171049_1207868654882766_1753135119630731602_n-1280x1024.jpg 1280w, https:\/\/iglesiafamiliadefe.org\/wp-content\/uploads\/2026\/04\/623171049_1207868654882766_1753135119630731602_n-980x784.jpg 980w, https:\/\/iglesiafamiliadefe.org\/wp-content\/uploads\/2026\/04\/623171049_1207868654882766_1753135119630731602_n-480x384.jpg 480w\" sizes=\"(min-width: 0px) and (max-width: 480px) 480px, (min-width: 481px) and (max-width: 980px) 980px, (min-width: 981px) and (max-width: 1280px) 1280px, (min-width: 1281px) 1440px, 100vw\" class=\"wp-image-1471\" \/><\/span><\/div><\/div>\r\n\r\n<div class=\"et_pb_column_6 et_pb_column et_flex_column et_pb_css_mix_blend_mode_passthrough\">\r\n\r\n<div class=\"et_pb_image_7 et_pb_image et_pb_module et_flex_module\"><span class=\"et_pb_image_wrap\"><img loading=\"lazy\" decoding=\"async\" src=\"https:\/\/iglesiafamiliadefe.org\/wp-content\/uploads\/2026\/04\/623279219_1207868614882770_8027904591198954988_n.jpg\" title=\"623279219_1207868614882770_8027904591198954988_n\" width=\"1440\" height=\"1152\" srcset=\"https:\/\/iglesiafamiliadefe.org\/wp-content\/uploads\/2026\/04\/623279219_1207868614882770_8027904591198954988_n.jpg 1440w, https:\/\/iglesiafamiliadefe.org\/wp-content\/uploads\/2026\/04\/623279219_1207868614882770_8027904591198954988_n-1280x1024.jpg 1280w, https:\/\/iglesiafamiliadefe.org\/wp-content\/uploads\/2026\/04\/623279219_1207868614882770_8027904591198954988_n-980x784.jpg 980w, https:\/\/iglesiafamiliadefe.org\/wp-content\/uploads\/2026\/04\/623279219_1207868614882770_8027904591198954988_n-480x384.jpg 480w\" sizes=\"(min-width: 0px) and (max-width: 480px) 480px, (min-width: 481px) and (max-width: 980px) 980px, (min-width: 981px) and (max-width: 1280px) 1280px, (min-width: 1281px) 1440px, 100vw\" class=\"wp-image-1468\" \/><\/span><\/div><\/div>\r\n\r\n<div class=\"et_pb_column_7 et_pb_column et-last-child et_flex_column et_pb_css_mix_blend_mode_passthrough\">\r\n\r\n<div class=\"et_pb_image_8 et_pb_image et_pb_module et_flex_module\"><span class=\"et_pb_image_wrap\"><img loading=\"lazy\" decoding=\"async\" src=\"https:\/\/iglesiafamiliadefe.org\/wp-content\/uploads\/2026\/04\/622869198_1207868644882767_5392166651315184355_n.jpg\" title=\"622869198_1207868644882767_5392166651315184355_n\" width=\"1440\" height=\"1152\" srcset=\"https:\/\/iglesiafamiliadefe.org\/wp-content\/uploads\/2026\/04\/622869198_1207868644882767_5392166651315184355_n.jpg 1440w, https:\/\/iglesiafamiliadefe.org\/wp-content\/uploads\/2026\/04\/622869198_1207868644882767_5392166651315184355_n-1280x1024.jpg 1280w, https:\/\/iglesiafamiliadefe.org\/wp-content\/uploads\/2026\/04\/622869198_1207868644882767_5392166651315184355_n-980x784.jpg 980w, https:\/\/iglesiafamiliadefe.org\/wp-content\/uploads\/2026\/04\/622869198_1207868644882767_5392166651315184355_n-480x384.jpg 480w\" sizes=\"(min-width: 0px) and (max-width: 480px) 480px, (min-width: 481px) and (max-width: 980px) 980px, (min-width: 981px) and (max-width: 1280px) 1280px, (min-width: 1281px) 1440px, 100vw\" class=\"wp-image-1470\" \/><\/span><\/div>\r\n\r\n<div class=\"et_pb_image_9 et_pb_image et_pb_module et_flex_module\"><span class=\"et_pb_image_wrap\"><img loading=\"lazy\" decoding=\"async\" src=\"https:\/\/iglesiafamiliadefe.org\/wp-content\/uploads\/2026\/04\/623225053_1207868651549433_6821102104976213291_n.jpg\" title=\"623225053_1207868651549433_6821102104976213291_n\" width=\"1440\" height=\"1152\" srcset=\"https:\/\/iglesiafamiliadefe.org\/wp-content\/uploads\/2026\/04\/623225053_1207868651549433_6821102104976213291_n.jpg 1440w, https:\/\/iglesiafamiliadefe.org\/wp-content\/uploads\/2026\/04\/623225053_1207868651549433_6821102104976213291_n-1280x1024.jpg 1280w, https:\/\/iglesiafamiliadefe.org\/wp-content\/uploads\/2026\/04\/623225053_1207868651549433_6821102104976213291_n-980x784.jpg 980w, https:\/\/iglesiafamiliadefe.org\/wp-content\/uploads\/2026\/04\/623225053_1207868651549433_6821102104976213291_n-480x384.jpg 480w\" sizes=\"(min-width: 0px) and (max-width: 480px) 480px, (min-width: 481px) and (max-width: 980px) 980px, (min-width: 981px) and (max-width: 1280px) 1280px, (min-width: 1281px) 1440px, 100vw\" class=\"wp-image-1469\" \/><\/span><\/div><\/div><\/div><\/div>","protected":false},"excerpt":{"rendered":"","protected":false},"author":1,"featured_media":0,"parent":0,"menu_order":0,"comment_status":"closed","ping_status":"closed","template":"","meta":{"footnotes":""},"class_list":["post-1457","page","type-page","status-publish","hentry"],"_links":{"self":[{"href":"https:\/\/iglesiafamiliadefe.org\/index.php\/wp-json\/wp\/v2\/pages\/1457","targetHints":{"allow":["GET"]}}],"collection":[{"href":"https:\/\/iglesiafamiliadefe.org\/index.php\/wp-json\/wp\/v2\/pages"}],"about":[{"href":"https:\/\/iglesiafamiliadefe.org\/index.php\/wp-json\/wp\/v2\/types\/page"}],"author":[{"embeddable":true,"href":"https:\/\/iglesiafamiliadefe.org\/index.php\/wp-json\/wp\/v2\/users\/1"}],"replies":[{"embeddable":true,"href":"https:\/\/iglesiafamiliadefe.org\/index.php\/wp-json\/wp\/v2\/comments?post=1457"}],"version-history":[{"count":10,"href":"https:\/\/iglesiafamiliadefe.org\/index.php\/wp-json\/wp\/v2\/pages\/1457\/revisions"}],"predecessor-version":[{"id":1626,"href":"https:\/\/iglesiafamiliadefe.org\/index.php\/wp-json\/wp\/v2\/pages\/1457\/revisions\/1626"}],"wp:attachment":[{"href":"https:\/\/iglesiafamiliadefe.org\/index.php\/wp-json\/wp\/v2\/media?parent=1457"}],"curies":[{"name":"wp","href":"https:\/\/api.w.org\/{rel}","templated":true}]}}