{"id":417,"date":"2022-02-03T22:47:43","date_gmt":"2022-02-03T22:47:43","guid":{"rendered":"http:\/\/iglesiafamiliadefe.org\/?page_id=417"},"modified":"2026-04-22T19:36:23","modified_gmt":"2026-04-22T19:36:23","slug":"home","status":"publish","type":"page","link":"https:\/\/iglesiafamiliadefe.org\/","title":{"rendered":"Home"},"content":{"rendered":"<div class=\"et_pb_section_0 et_pb_section et_section_regular et_flex_section\">\n<div class=\"et_pb_row_0 et_pb_row et_flex_row\">\n<div class=\"et_pb_column_0 et_pb_column et-last-child et_flex_column et_pb_css_mix_blend_mode_passthrough et_flex_column_24_24\">\n<div class=\"et_pb_video_0 et_pb_video et_animated et_pb_module et_flex_module\"><div class=\"et_pb_video_box\"><video controls><source type=\"video\/mp4\" src=\"https:\/\/iglesiafamiliadefe.org\/wp-content\/uploads\/2026\/04\/LIZ.mp4\" \/><\/video><\/div><div class=\"et_pb_video_overlay\" style=\"background-image:url(https:\/\/iglesiafamiliadefe.org\/wp-content\/uploads\/2026\/04\/PORTADA-SUGERIDA.jpg)\"><div class=\"et_pb_video_overlay_hover\"><a class=\"et_pb_video_play\" href=\"#\"><\/a><\/div><\/div><\/div>\n\n<div class=\"et_pb_heading_0 et_pb_heading et_pb_module et_flex_module\"><div class=\"et_pb_heading_container\"><h1 class=\"et_pb_module_header\">CONFERENCIA 2026<\/h1><\/div><\/div>\n\n<div class=\"et_pb_heading_1 et_pb_heading et_pb_module et_flex_module\"><div class=\"et_pb_heading_container\"><h1 class=\"et_pb_module_header\">ASOMBRADAS POR EL YO SOY<\/h1><\/div><\/div>\n<\/div>\n<\/div>\n\n<div class=\"et_pb_row_1 et_pb_row et_flex_row\">\n<div class=\"et_pb_column_1 et_pb_column et_flex_column et_pb_css_mix_blend_mode_passthrough et_flex_column_12_24 et_flex_column_12_24_tablet et_flex_column_24_24_phone\">\n<div class=\"et_pb_module et_pb_button_module_wrapper et_pb_button_0_wrapper\"><a class=\"et_pb_button_0 et_pb_button et_pb_bg_layout_light et_pb_module et_flex_module\" href=\"https:\/\/docs.google.com\/forms\/d\/e\/1FAIpQLScU5F_2XZOcrlP76r1IvrztCrg3JS6P9e1CkshTmOTevpKciQ\/viewform\">\u00a1Reg\u00edstrate!<\/a><\/div>\n<\/div>\n\n<div class=\"et_pb_column_2 et_pb_column et-last-child et_flex_column et_pb_css_mix_blend_mode_passthrough et_flex_column_12_24 et_flex_column_12_24_tablet et_flex_column_24_24_phone\">\n<div class=\"et_pb_module et_pb_button_module_wrapper et_pb_button_1_wrapper\"><a class=\"et_pb_button_1 et_pb_button et_pb_bg_layout_light et_pb_module et_flex_module\" href=\"https:\/\/iglesiafamiliadefe.org\/index.php\/eventos\/\">Conoce m\u00e1s<\/a><\/div>\n<\/div>\n<\/div>\n<\/div>\n\n<div class=\"et_pb_section_1 et_pb_section et_section_regular et_block_section\">\n<div class=\"et_pb_row_2 et_pb_row et_flex_row\">\n<div class=\"et_pb_column_3 et_pb_column et_flex_column et_pb_column_empty et_pb_css_mix_blend_mode_passthrough et_flex_column_12_24 et_flex_column_24_24_phone\"><\/div>\n\n<div class=\"et_pb_column_4 et_pb_column et-last-child et_flex_column et_pb_css_mix_blend_mode_passthrough et_flex_column_12_24 et_flex_column_24_24_phone\">\n<div class=\"et_pb_text_0 et_pb_text et_pb_bg_layout_light et_pb_module et_flex_module\"><div class=\"et_pb_text_inner\" data-et-mv-hidden-phone=\"true\"><h1><strong><span class=\"wixui-rich-text__text\">Una\u00a0<span style=\"color: #fcbc2b;\"><em><span class=\"color_18 wixui-rich-text__text\" style=\"font-family: Enriqueta;\">Familia<\/span><\/em><\/span>\u00a0es lo que somos.<\/span><\/strong><\/h1>\n<\/div><\/div>\n\n<div class=\"et_pb_text_1 et_pb_text et_pb_bg_layout_light et_pb_module et_flex_module\"><div class=\"et_pb_text_inner\" data-et-mv-hidden-phone=\"true\"><h3>Discipular, amar y servir es lo que hacemos por medio de la proclamaci\u00f3n del Evangelio de Jesucristo.<\/h3>\n<\/div><\/div>\n\n<div class=\"et_pb_module et_pb_button_module_wrapper et_pb_button_2_wrapper\"><a class=\"et_pb_button_2 et_pb_button et_pb_bg_layout_light et_pb_module et_flex_module\" href=\"https:\/\/maps.app.goo.gl\/aajWzPrSymN6cFFk6\">Vis\u00edtanos<\/a><\/div>\n\n<div class=\"et_pb_row_3 et_pb_row et_pb_row_nested et_flex_row\">\n<div class=\"et_pb_column_5 et_pb_column et_flex_column et_pb_css_mix_blend_mode_passthrough et_flex_column_12_24 et_flex_column_24_24_phone\">\n<div class=\"et_pb_text_2 et_pb_text et_pb_bg_layout_light et_clickable et_pb_module et_flex_module\"><div class=\"et_pb_text_inner\"><p><span style=\"color: #333333;\">Comunidades Misionales<\/span><\/p>\n<\/div><\/div>\n\n<div class=\"et_pb_text_3 et_pb_text et_pb_bg_layout_light et_clickable et_pb_module et_flex_module\"><div class=\"et_pb_text_inner\"><p><span style=\"color: #333333;\">Eventos<\/span><\/p>\n<\/div><\/div>\n<\/div>\n\n<div class=\"et_pb_column_6 et_pb_column et-last-child et_flex_column et_pb_css_mix_blend_mode_passthrough et_flex_column_12_24 et_flex_column_24_24_phone\">\n<div class=\"et_pb_text_4 et_pb_text et_pb_bg_layout_light et_clickable et_pb_module et_flex_module\"><div class=\"et_pb_text_inner\"><p>Recursos y<br \/>Ense\u00f1anzas<\/p>\n<\/div><\/div>\n\n<div class=\"et_pb_text_5 et_pb_text et_pb_bg_layout_light et_clickable et_pb_module et_flex_module\"><div class=\"et_pb_text_inner\"><p>Reuniones<\/p>\n<\/div><\/div>\n<\/div>\n<\/div>\n<\/div>\n<\/div>\n\n<div class=\"et_pb_row_4 et_pb_row et_flex_row\">\n<div class=\"et_pb_column_7 et_pb_column et_flex_column et_pb_column_empty et_pb_css_mix_blend_mode_passthrough et_flex_column_2_5 et_flex_column_2_5_tablet et_flex_column_24_24_phone\"><\/div>\n\n<div class=\"et_pb_column_8 et_pb_column et-last-child et_flex_column et_pb_css_mix_blend_mode_passthrough et_flex_column_3_5 et_flex_column_3_5_tablet et_flex_column_24_24_phone\">\n<div class=\"et_pb_text_6 et_pb_text et_pb_bg_layout_light et_pb_module et_flex_module\"><div class=\"et_pb_text_inner\" data-et-mv-hidden-phone=\"true\"><h1 id=\"comp-lrn31mzf\" class=\"Z_l5lU ku3DBC zQ9jDz qvSjx3 Vq6kJx comp-lrn31mzf wixui-rich-text\" data-testid=\"richTextElement\"><strong><span class=\"wixui-rich-text__text\">Una\u00a0<span style=\"color: #fcbc2b;\"><em><span class=\"color_18 wixui-rich-text__text\" style=\"font-family: Enriqueta;\">Familia<\/span><\/em><\/span>\u00a0es lo que somos.<\/span><\/strong><\/h1>\n<\/div><\/div>\n\n<div class=\"et_pb_text_7 et_pb_text et_pb_bg_layout_light et_pb_module et_flex_module\"><div class=\"et_pb_text_inner\" data-et-mv-hidden-phone=\"true\"><h3 id=\"comp-lrn31mzf\" class=\"Z_l5lU ku3DBC zQ9jDz qvSjx3 Vq6kJx comp-lrn31mzf wixui-rich-text\" data-testid=\"richTextElement\">Discipular, amar y servir es lo que hacemos por medio de la proclamaci\u00f3n del Evangelio de Jesucristo.<\/h3>\n<\/div><\/div>\n\n<div class=\"et_pb_module et_pb_button_module_wrapper et_pb_button_3_wrapper\"><a class=\"et_pb_button_3 et_pb_button et_pb_bg_layout_light et_pb_module et_flex_module\" href=\"https:\/\/maps.app.goo.gl\/aajWzPrSymN6cFFk6\">Vis\u00edtanos<\/a><\/div>\n<\/div>\n<\/div>\n\n<div class=\"et_pb_row_5 et_pb_row et_flex_row\">\n<div class=\"et_pb_column_9 et_pb_column et_flex_column et_pb_css_mix_blend_mode_passthrough et_flex_column_12_24 et_flex_column_24_24_phone\">\n<div class=\"et_pb_text_8 et_pb_text et_pb_bg_layout_light et_clickable et_pb_module et_flex_module\"><div class=\"et_pb_text_inner\"><h6><strong>Comunidades Misionales<\/strong><\/h6>\n<\/div><\/div>\n\n<div class=\"et_pb_text_9 et_pb_text et_pb_bg_layout_light et_clickable et_pb_module et_flex_module\"><div class=\"et_pb_text_inner\"><h6><span style=\"color: #ffffff;\"><strong>Reuniones<\/strong><\/span><\/h6>\n<\/div><\/div>\n\n<div class=\"et_pb_text_10 et_pb_text et_pb_bg_layout_light et_clickable et_pb_module et_flex_module\"><div class=\"et_pb_text_inner\"><h6><strong>Eventos<\/strong><\/h6>\n<\/div><\/div>\n<\/div>\n\n<div class=\"et_pb_column_10 et_pb_column et-last-child et_flex_column et_pb_css_mix_blend_mode_passthrough et_flex_column_12_24 et_flex_column_24_24_phone\">\n<div class=\"et_pb_text_11 et_pb_text et_pb_bg_layout_light et_clickable et_pb_module et_flex_module\"><div class=\"et_pb_text_inner\"><h6><span style=\"color: #ffffff;\"><strong>Recursos y Ense\u00f1anzas<\/strong><\/span><\/h6>\n<\/div><\/div>\n<\/div>\n<\/div>\n<\/div>\n\n<div class=\"et_pb_section_2 et_pb_section et_section_regular et_flex_section\">\n<div class=\"et_pb_row_6 et_pb_row et_flex_row\">\n<div class=\"et_pb_column_11 et_pb_column et-last-child et_flex_column et_pb_css_mix_blend_mode_passthrough et_flex_column_24_24\">\n<div class=\"et_pb_text_12 et_pb_text et_pb_bg_layout_light et_pb_module et_flex_module\"><div class=\"et_pb_text_inner\" data-et-mv-hidden-phone=\"true\"><h3 style=\"text-align: left;\"><span style=\"color: #000000;\">Somos una\u00a0<em><span class=\"wixui-rich-text__text\" style=\"font-family: Enriqueta; font-weight: normal;\">Iglesia<\/span><\/em><\/span><span><span style=\"color: #000000;\">, una<\/span>\u00a0<\/span><span style=\"color: #fcbc2b;\"><em><span class=\"wixui-rich-text__text\" style=\"font-family: Enriqueta; font-weight: normal;\"><span class=\"color_18 wixui-rich-text__text\">Familia de Fe<\/span><\/span><\/em><\/span><span>. <span style=\"color: #000000;\">No solo asistimos,\u00a0<\/span><\/span><span style=\"color: #000000;\"><span class=\"wixui-rich-text__text\"><span style=\"font-family: Enriqueta; font-weight: normal;\"><em>pertenecemos<\/em><\/span>; aqu\u00ed<\/span>, cada momento es un lazo que nos une y nos acerca cada ves m\u00e1s a ser como\u00a0<span style=\"font-family: Enriqueta; font-weight: normal;\"><em><span class=\"wixui-rich-text__text\">Cristo<\/span><\/em><\/span>. <span style=\"text-decoration: underline;\"><\/span><\/span><\/h3>\n<\/div><\/div>\n<\/div>\n<\/div>\n<\/div>\n\n<div class=\"et_pb_section_3 et_pb_section et_section_regular et_flex_section\">\n<div class=\"et_pb_row_7 et_pb_row et_pb_gutters3 et_grid_row\">\n<div class=\"et_pb_column_12 et_pb_column et_flex_column et_pb_css_mix_blend_mode_passthrough\">\n<div class=\"et_pb_image_0 et_pb_image et_pb_module et_flex_module\"><span class=\"et_pb_image_wrap\"><img loading=\"lazy\" decoding=\"async\" src=\"https:\/\/iglesiafamiliadefe.org\/wp-content\/uploads\/2026\/04\/651035838_18312088297259134_8766783389439921840_n.jpg\" title=\"651035838_18312088297259134_8766783389439921840_n\" width=\"1440\" height=\"905\" srcset=\"https:\/\/iglesiafamiliadefe.org\/wp-content\/uploads\/2026\/04\/651035838_18312088297259134_8766783389439921840_n.jpg 1440w, https:\/\/iglesiafamiliadefe.org\/wp-content\/uploads\/2026\/04\/651035838_18312088297259134_8766783389439921840_n-1280x804.jpg 1280w, https:\/\/iglesiafamiliadefe.org\/wp-content\/uploads\/2026\/04\/651035838_18312088297259134_8766783389439921840_n-980x616.jpg 980w, https:\/\/iglesiafamiliadefe.org\/wp-content\/uploads\/2026\/04\/651035838_18312088297259134_8766783389439921840_n-480x302.jpg 480w\" sizes=\"(min-width: 0px) and (max-width: 480px) 480px, (min-width: 481px) and (max-width: 980px) 980px, (min-width: 981px) and (max-width: 1280px) 1280px, (min-width: 1281px) 1440px, 100vw\" class=\"wp-image-1315\" \/><\/span><\/div>\n\n<div class=\"et_pb_image_1 et_pb_image et_pb_module et_flex_module\"><span class=\"et_pb_image_wrap\"><img loading=\"lazy\" decoding=\"async\" src=\"https:\/\/iglesiafamiliadefe.org\/wp-content\/uploads\/2026\/04\/652580365_18312088102259134_2066318583792328569_n.jpg\" title=\"652580365_18312088102259134_2066318583792328569_n\" width=\"1440\" height=\"899\" srcset=\"https:\/\/iglesiafamiliadefe.org\/wp-content\/uploads\/2026\/04\/652580365_18312088102259134_2066318583792328569_n.jpg 1440w, https:\/\/iglesiafamiliadefe.org\/wp-content\/uploads\/2026\/04\/652580365_18312088102259134_2066318583792328569_n-1280x799.jpg 1280w, https:\/\/iglesiafamiliadefe.org\/wp-content\/uploads\/2026\/04\/652580365_18312088102259134_2066318583792328569_n-980x612.jpg 980w, https:\/\/iglesiafamiliadefe.org\/wp-content\/uploads\/2026\/04\/652580365_18312088102259134_2066318583792328569_n-480x300.jpg 480w\" sizes=\"(min-width: 0px) and (max-width: 480px) 480px, (min-width: 481px) and (max-width: 980px) 980px, (min-width: 981px) and (max-width: 1280px) 1280px, (min-width: 1281px) 1440px, 100vw\" class=\"wp-image-1312\" \/><\/span><\/div>\n<\/div>\n\n<div class=\"et_pb_column_13 et_pb_column et_flex_column et_pb_css_mix_blend_mode_passthrough\">\n<div class=\"et_pb_image_2 et_pb_image et_pb_module et_flex_module\"><span class=\"et_pb_image_wrap\"><img loading=\"lazy\" decoding=\"async\" src=\"https:\/\/iglesiafamiliadefe.org\/wp-content\/uploads\/2026\/04\/629235689_18308917393259134_6516679463514955133_n.jpg\" title=\"629235689_18308917393259134_6516679463514955133_n\" width=\"1440\" height=\"963\" srcset=\"https:\/\/iglesiafamiliadefe.org\/wp-content\/uploads\/2026\/04\/629235689_18308917393259134_6516679463514955133_n.jpg 1440w, https:\/\/iglesiafamiliadefe.org\/wp-content\/uploads\/2026\/04\/629235689_18308917393259134_6516679463514955133_n-1280x856.jpg 1280w, https:\/\/iglesiafamiliadefe.org\/wp-content\/uploads\/2026\/04\/629235689_18308917393259134_6516679463514955133_n-980x655.jpg 980w, https:\/\/iglesiafamiliadefe.org\/wp-content\/uploads\/2026\/04\/629235689_18308917393259134_6516679463514955133_n-480x321.jpg 480w\" sizes=\"(min-width: 0px) and (max-width: 480px) 480px, (min-width: 481px) and (max-width: 980px) 980px, (min-width: 981px) and (max-width: 1280px) 1280px, (min-width: 1281px) 1440px, 100vw\" class=\"wp-image-1314\" \/><\/span><\/div>\n<\/div>\n\n<div class=\"et_pb_column_14 et_pb_column et-last-child et_flex_column et_pb_css_mix_blend_mode_passthrough\">\n<div class=\"et_pb_image_3 et_pb_image et_pb_module et_flex_module\"><span class=\"et_pb_image_wrap\"><img loading=\"lazy\" decoding=\"async\" src=\"https:\/\/iglesiafamiliadefe.org\/wp-content\/uploads\/2026\/04\/628339432_18308917402259134_1750602463269334356_n.jpg\" title=\"628339432_18308917402259134_1750602463269334356_n\" width=\"1440\" height=\"963\" srcset=\"https:\/\/iglesiafamiliadefe.org\/wp-content\/uploads\/2026\/04\/628339432_18308917402259134_1750602463269334356_n.jpg 1440w, https:\/\/iglesiafamiliadefe.org\/wp-content\/uploads\/2026\/04\/628339432_18308917402259134_1750602463269334356_n-1280x856.jpg 1280w, https:\/\/iglesiafamiliadefe.org\/wp-content\/uploads\/2026\/04\/628339432_18308917402259134_1750602463269334356_n-980x655.jpg 980w, https:\/\/iglesiafamiliadefe.org\/wp-content\/uploads\/2026\/04\/628339432_18308917402259134_1750602463269334356_n-480x321.jpg 480w\" sizes=\"(min-width: 0px) and (max-width: 480px) 480px, (min-width: 481px) and (max-width: 980px) 980px, (min-width: 981px) and (max-width: 1280px) 1280px, (min-width: 1281px) 1440px, 100vw\" class=\"wp-image-1316\" \/><\/span><\/div>\n\n<div class=\"et_pb_image_4 et_pb_image et_pb_module et_flex_module\"><span class=\"et_pb_image_wrap\"><img loading=\"lazy\" decoding=\"async\" src=\"https:\/\/iglesiafamiliadefe.org\/wp-content\/uploads\/2026\/04\/652765556_18312088207259134_6658601221424979574_n.jpg\" title=\"652765556_18312088207259134_6658601221424979574_n\" width=\"1440\" height=\"905\" srcset=\"https:\/\/iglesiafamiliadefe.org\/wp-content\/uploads\/2026\/04\/652765556_18312088207259134_6658601221424979574_n.jpg 1440w, https:\/\/iglesiafamiliadefe.org\/wp-content\/uploads\/2026\/04\/652765556_18312088207259134_6658601221424979574_n-1280x804.jpg 1280w, https:\/\/iglesiafamiliadefe.org\/wp-content\/uploads\/2026\/04\/652765556_18312088207259134_6658601221424979574_n-980x616.jpg 980w, https:\/\/iglesiafamiliadefe.org\/wp-content\/uploads\/2026\/04\/652765556_18312088207259134_6658601221424979574_n-480x302.jpg 480w\" sizes=\"(min-width: 0px) and (max-width: 480px) 480px, (min-width: 481px) and (max-width: 980px) 980px, (min-width: 981px) and (max-width: 1280px) 1280px, (min-width: 1281px) 1440px, 100vw\" class=\"wp-image-1313\" \/><\/span><\/div>\n<\/div>\n<\/div>\n<\/div>\n\n<div class=\"et_pb_section_4 et_pb_section et_section_regular et_flex_section\">\n<div class=\"et_pb_row_8 et_pb_row et_flex_row\">\n<div class=\"et_pb_column_15 et_pb_column et_flex_column et_pb_css_mix_blend_mode_passthrough et_flex_column_12_24 et_flex_column_12_24_tablet et_flex_column_24_24_phone\">\n<div class=\"et_pb_text_13 et_pb_text et_pb_bg_layout_light et_pb_module et_flex_module\"><div class=\"et_pb_text_inner\" data-et-mv-hidden-phone=\"true\"><h2 id=\"comp-ls6liwjc\" class=\"Z_l5lU ku3DBC zQ9jDz qvSjx3 Vq6kJx comp-ls6liwjc wixui-rich-text\" data-testid=\"richTextElement\"><span style=\"color: #ffffff;\"><em><span class=\"wixui-rich-text__text\" style=\"font-family: Enriqueta; font-weight: normal;\">Creemos<\/span><\/em>, que la iglesia <span class=\"wixui-rich-text__text\">se vive en\u00a0<em><span style=\"font-family: Enriqueta; font-weight: normal;\">Comunidad<\/span><\/em>.<\/span><\/span><\/h2>\n<h3 id=\"comp-ls6liwjd1\" class=\"Z_l5lU ku3DBC zQ9jDz qvSjx3 Vq6kJx comp-ls6liwjd1 wixui-rich-text\" data-testid=\"richTextElement\" style=\"text-align: justify;\"><span class=\"wixui-rich-text__text\"><\/span><br \/><span style=\"color: #ffffff;\">Nuestras Comunidades Misionales son familias de disc\u00edpulos enviados por el Esp\u00edritu Santo para vivir el evangelio en lo cotidiano. Bajo el cuidado de nuestros pastores, cultivamos el apoyo mutuo, el consejo b\u00edblico y el testimonio intencional. Nuestro anhelo es multiplicar disc\u00edpulos que, transformados por la gracia, asuman el llamado de guiar a otros en esta misi\u00f3n. \u00a1Hay un lugar para ti en la comunidad m\u00e1s cercana!<\/span><\/h3>\n<\/div><\/div>\n<\/div>\n\n<div class=\"et_pb_column_16 et_pb_column et-last-child et_flex_column et_pb_css_mix_blend_mode_passthrough et_flex_column_16_24 et_flex_column_12_24_tablet et_flex_column_24_24_phone\">\n<div class=\"et_pb_slider_0 et_pb_slider et_pb_slider_fullwidth_off et_pb_module et_flex_module\"><div class=\"et_pb_slides\">\n<div class=\"et_pb_slide_0 et_pb_slide et_pb_media_alignment_center et_pb_bg_layout_dark\" data-slide-id=\"divi\/slide-0\"><div class=\"et_pb_container\"><div class=\"et_pb_slider_container_inner\"><div class=\"et_pb_slide_description et_flex_module\"><h3 class=\"et_pb_slide_title\"><a href=\"https:\/\/iglesiafamiliadefe.org\/index.php\/comunidades\/cumbres\/\" target=\"\" class=\"et_pb_slide_title_link\">Cumbres<\/a><\/h3><div class=\"et_pb_button_wrapper\"><a class=\"et_pb_button et_pb_more_button\" href=\"https:\/\/iglesiafamiliadefe.org\/index.php\/comunidades\/cumbres\/\">Conoce m\u00e1s<\/a><\/div><\/div><\/div><\/div><\/div>\n\n<div class=\"et_pb_slide_1 et_pb_slide et_pb_media_alignment_center et_pb_bg_layout_dark\" data-slide-id=\"divi\/slide-1\"><div class=\"et_pb_container\"><div class=\"et_pb_slider_container_inner\"><div class=\"et_pb_slide_description et_flex_module\"><h2 class=\"et_pb_slide_title\"><a href=\"https:\/\/iglesiafamiliadefe.org\/index.php\/comunidades\/guadalupe-centro\/\" target=\"\" class=\"et_pb_slide_title_link\">Guadalupe &#8211; Centro<\/a><\/h2><div class=\"et_pb_button_wrapper\"><a class=\"et_pb_button et_pb_more_button\" href=\"https:\/\/iglesiafamiliadefe.org\/index.php\/comunidades\/guadalupe-centro\/\">Conoce m\u00e1s<\/a><\/div><\/div><\/div><\/div><\/div>\n\n<div class=\"et_pb_slide_2 et_pb_slide et_pb_media_alignment_center et_pb_bg_layout_dark\" data-slide-id=\"divi\/slide-2\"><div class=\"et_pb_container\"><div class=\"et_pb_slider_container_inner\"><div class=\"et_pb_slide_description et_flex_module\"><h2 class=\"et_pb_slide_title\"><a href=\"https:\/\/iglesiafamiliadefe.org\/index.php\/comunidades\/guadalupe-juarez\/\" target=\"\" class=\"et_pb_slide_title_link\">Guadalupe &#8211; Ju\u00e1rez<\/a><\/h2><div class=\"et_pb_button_wrapper\"><a class=\"et_pb_button et_pb_more_button\" href=\"https:\/\/iglesiafamiliadefe.org\/index.php\/comunidades\/guadalupe-juarez\/\">Conoce m\u00e1s<\/a><\/div><\/div><\/div><\/div><\/div>\n\n<div class=\"et_pb_slide_3 et_pb_slide et_pb_media_alignment_center et_pb_bg_layout_dark\" data-slide-id=\"divi\/slide-3\"><div class=\"et_pb_container\"><div class=\"et_pb_slider_container_inner\"><div class=\"et_pb_slide_description et_flex_module\"><h1 class=\"et_pb_slide_title\"><a href=\"https:\/\/iglesiafamiliadefe.org\/index.php\/comunidades\/san-nicolas\/\" target=\"\" class=\"et_pb_slide_title_link\">San Nicol\u00e1s &#8211; Apodaca<\/a><\/h1><div class=\"et_pb_button_wrapper\"><a class=\"et_pb_button et_pb_more_button\" href=\"https:\/\/iglesiafamiliadefe.org\/index.php\/comunidades\/san-nicolas\/\">Conoce m\u00e1s<\/a><\/div><\/div><\/div><\/div><\/div>\n\n<div class=\"et_pb_slide_4 et_pb_slide et_pb_media_alignment_center et_pb_bg_layout_dark\" data-slide-id=\"divi\/slide-4\"><div class=\"et_pb_container\"><div class=\"et_pb_slider_container_inner\"><div class=\"et_pb_slide_description et_flex_module\"><h2 class=\"et_pb_slide_title\"><a href=\"https:\/\/iglesiafamiliadefe.org\/index.php\/comunidades\/monterrey-sur\/\" target=\"\" class=\"et_pb_slide_title_link\">Monterrey Sur<\/a><\/h2><div class=\"et_pb_button_wrapper\"><a class=\"et_pb_button et_pb_more_button\" href=\"https:\/\/iglesiafamiliadefe.org\/index.php\/comunidades\/monterrey-sur\/\">Conoce m\u00e1s<\/a><\/div><\/div><\/div><\/div><\/div>\n<\/div><\/div>\n<\/div>\n<\/div>\n<\/div>\n\n<div class=\"et_pb_section_5 et_pb_section et_section_regular et_flex_section\">\n<div class=\"et_pb_row_9 et_pb_row et_flex_row\">\n<div class=\"et_pb_column_17 et_pb_column et_flex_column et_pb_column_empty et_pb_css_mix_blend_mode_passthrough et_flex_column_12_24 et_flex_column_24_24_phone\"><\/div>\n\n<div class=\"et_pb_column_18 et_pb_column et-last-child et_flex_column et_pb_css_mix_blend_mode_passthrough et_flex_column_12_24 et_flex_column_24_24_phone\">\n<div class=\"et_pb_text_14 et_pb_text et_pb_bg_layout_light et_pb_module et_flex_module\"><div class=\"et_pb_text_inner\" data-et-mv-hidden-phone=\"true\"><h2><strong><span class=\"wixui-rich-text__text\">Queremos<\/span>\u00a0<span style=\"color: #fcbc2b;\"><em><span class=\"color_18 wixui-rich-text__text\" style=\"font-family: Enriqueta;\">Conocerte<\/span><\/em><\/span><\/strong><\/h2>\n<\/div><\/div>\n\n<div class=\"et_pb_text_15 et_pb_text et_pb_bg_layout_light et_pb_module et_flex_module\"><div class=\"et_pb_text_inner\" data-et-mv-hidden-phone=\"true\"><h3 id=\"comp-lrobn98a\" class=\"Z_l5lU ku3DBC zQ9jDz qvSjx3 Vq6kJx comp-lrobn98a wixui-rich-text\" data-testid=\"richTextElement\" style=\"text-align: justify;\">Te invitamos a sumarte a nuestro servicio dominical. Son espacios dise\u00f1ados para que, como familia, adoremos juntos a nuestro Dios, saturemos nuestra mente con el evangelio, busquemos Su rostro en oraci\u00f3n y fortalezcamos nuestra vida en comunidad. \u00a1Queremos caminar contigo!<\/h3>\n<\/div><\/div>\n\n<div class=\"et_pb_blurb_0 et_pb_blurb et_pb_bg_layout_light et_pb_blurb_position_top et_pb_module et_flex_module\"><div class=\"et_pb_blurb_content et_flex_module\"><div class=\"et_pb_blurb_container\"><h4 class=\"et_pb_module_header\">Reuni\u00f3n General<\/h4><div class=\"et_pb_blurb_description\" data-et-mv-hidden-phone=\"true\"><p><strong>Domingo &#8211;\u00a0<\/strong>11:30 AM<\/p>\n<\/div><\/div><\/div><\/div>\n\n<div class=\"et_pb_module et_pb_button_module_wrapper et_pb_button_4_wrapper\"><a class=\"et_pb_button_4 et_pb_button et_pb_bg_layout_light et_pb_module et_flex_module\" href=\"https:\/\/maps.app.goo.gl\/aajWzPrSymN6cFFk6\">Vis\u00edtanos<\/a><\/div>\n<\/div>\n<\/div>\n<\/div>\n\n<div class=\"et_pb_section_6 et_pb_section et_section_regular et_flex_section\">\n<div class=\"et_pb_row_10 et_pb_row et_flex_row\">\n<div class=\"et_pb_column_19 et_pb_column et-last-child et_flex_column et_pb_css_mix_blend_mode_passthrough et_flex_column_24_24\">\n<div class=\"et_pb_heading_2 et_pb_heading et_pb_module et_flex_module\"><div class=\"et_pb_heading_container\"><h1 class=\"et_pb_module_header\">Equip\u00e1ndonos<\/h1><\/div><\/div>\n\n<div class=\"et_pb_text_16 et_pb_text et_pb_bg_layout_light et_pb_module et_flex_module\"><div class=\"et_pb_text_inner\" data-et-mv-hidden-phone=\"true\"><h3 style=\"text-align: justify;\"><span>Esta selecci\u00f3n de recursos audiovisuales tiene el prop\u00f3sito de <\/span><strong>edificar tu fe, profundizar en el estudio de la Palabra y equiparte<\/strong><span> para vivir una vida que honre a Cristo en todo momento. Nuestra oraci\u00f3n es que cada contenido sea una herramienta \u00fatil para tu caminar diario.<\/span><\/h3>\n<\/div><\/div>\n<\/div>\n<\/div>\n\n<div class=\"et_pb_row_11 et_pb_row et_flex_row\">\n<div class=\"et_pb_column_20 et_pb_column et_flex_column et_pb_css_mix_blend_mode_passthrough et_flex_column_12_24 et_flex_column_24_24_phone\">\n<div class=\"et_pb_text_17 et_pb_text et_pb_bg_layout_light et_pb_module et_flex_module\"><div class=\"et_pb_text_inner\"><h4 style=\"text-align: justify;\"><b>Serie Expositiva &#8211; Para Su gloria<\/b><\/h4>\n<\/div><\/div>\n\n<div class=\"et_pb_text_18 et_pb_text et_pb_bg_layout_light et_pb_module et_flex_module\"><div class=\"et_pb_text_inner\"><p style=\"text-align: justify;\">Sigue nuestra serie expositiva completa <strong><span style=\"font-family: Enriqueta; font-weight: normal; color: #fcbc2b;\">Para Su gloria<\/span>.<\/strong><br \/>Una serie de la carta del Ap\u00f3stol Pablo a los romanos.<\/p>\n<\/div><\/div>\n<\/div>\n\n<div class=\"et_pb_column_21 et_pb_column et_flex_column et_pb_css_mix_blend_mode_passthrough et_flex_column_12_24 et_flex_column_24_24_phone\">\n<div class=\"et_pb_text_19 et_pb_text et_pb_bg_layout_light et_pb_module et_flex_module\"><div class=\"et_pb_text_inner\"><h4><strong>Podcast &#8211; Hablemos del Serm\u00f3n<\/strong><\/h4>\n<\/div><\/div>\n\n<div class=\"et_pb_text_20 et_pb_text et_pb_bg_layout_light et_pb_module et_flex_module\"><div class=\"et_pb_text_inner\"><p>Retomamos los principios y aplicaciones de los sermones para profundizar en ellos y descubrir c\u00f3mo vivirlos en el d\u00eda a d\u00eda.<\/p>\n<\/div><\/div>\n<\/div>\n\n<div class=\"et_pb_column_22 et_pb_column et_flex_column et_pb_css_mix_blend_mode_passthrough et_flex_column_12_24 et_flex_column_24_24_phone\">\n<div class=\"et_pb_video_1 et_pb_video et_pb_module et_flex_module\"><div class=\"et_pb_video_box\"><iframe loading=\"lazy\" title=\"El Poder de Dios para salvaci\u00f3n \/ Ps. Armando Ortiz (Romanos 1:1-17)\" width=\"1080\" height=\"608\" src=\"https:\/\/www.youtube.com\/embed\/aP4p-3yO4OU?feature=oembed\"  allow=\"accelerometer; autoplay; clipboard-write; encrypted-media; gyroscope; picture-in-picture; web-share\" referrerpolicy=\"strict-origin-when-cross-origin\" allowfullscreen><\/iframe><\/div><\/div>\n\n<div class=\"et_pb_module et_pb_button_module_wrapper et_pb_button_5_wrapper\"><a class=\"et_pb_button_5 et_pb_button et_pb_bg_layout_light et_pb_module et_flex_module\" href=\"https:\/\/www.youtube.com\/playlist?list=PL192JEKd0e_6GEFO5jabF8I4Rvvi2PSSH\">Escucha la serie completa<\/a><\/div>\n<\/div>\n\n<div class=\"et_pb_column_23 et_pb_column et-last-child et_flex_column et_pb_css_mix_blend_mode_passthrough et_flex_column_12_24 et_flex_column_24_24_phone\">\n<div class=\"et_pb_video_2 et_pb_video et_pb_module et_flex_module\"><div class=\"et_pb_video_box\"><iframe loading=\"lazy\" title=\"Hablemos del serm\u00f3n: El poder de Dios para salvaci\u00f3n (Romanos 1:1-17)\" width=\"1080\" height=\"608\" src=\"https:\/\/www.youtube.com\/embed\/dxb5S2XZQrg?feature=oembed\"  allow=\"accelerometer; autoplay; clipboard-write; encrypted-media; gyroscope; picture-in-picture; web-share\" referrerpolicy=\"strict-origin-when-cross-origin\" allowfullscreen><\/iframe><\/div><\/div>\n\n<div class=\"et_pb_module et_pb_button_module_wrapper et_pb_button_6_wrapper\"><a class=\"et_pb_button_6 et_pb_button et_pb_bg_layout_light et_pb_module et_flex_module\" href=\"https:\/\/www.youtube.com\/playlist?list=PL192JEKd0e_7UWLNCq1-TCsZh3KtRNbpc\">Sigue nuestro Podcast<\/a><\/div>\n<\/div>\n<\/div>\n\n<div class=\"et_pb_row_12 et_pb_row et_flex_row\">\n<div class=\"et_pb_column_24 et_pb_column et-last-child et_flex_column et_pb_css_mix_blend_mode_passthrough et_flex_column_24_24\">\n<div class=\"et_pb_text_21 et_pb_text et_pb_bg_layout_light et_pb_module et_flex_module\"><div class=\"et_pb_text_inner\"><p>Encuentra nuestro contenido en tus plataformas favoritas. Suscr\u00edbete y escucha nuestros episodios en <b data-path-to-node=\"4,0\" data-index-in-node=\"102\">Spotify, Amazon Music, Apple Podcasts<\/b> y m\u00e1s.<\/p>\n<\/div><\/div>\n\n<div class=\"et_pb_module et_pb_button_module_wrapper et_pb_button_7_wrapper\"><a class=\"et_pb_button_7 et_pb_button et_pb_bg_layout_light et_pb_module et_flex_module\" href=\"https:\/\/iglesiafamiliadefe.org\/index.php\/recursos-y-ensenanzas\/\">Conocer m\u00e1s<\/a><\/div>\n<\/div>\n<\/div>\n<\/div>\n\n<div class=\"et_pb_section_7 et_pb_section et_section_regular et_flex_section\">\n<div class=\"et_pb_row_13 et_pb_row et_flex_row\">\n<div class=\"et_pb_column_25 et_pb_column et-last-child et_flex_column et_pb_css_mix_blend_mode_passthrough et_flex_column_24_24\">\n<div class=\"et_pb_heading_3 et_pb_heading et_pb_module et_flex_module\"><div class=\"et_pb_heading_container\"><h1 class=\"et_pb_module_header\">Equip\u00e1ndonos<\/h1><\/div><\/div>\n\n<div class=\"et_pb_text_22 et_pb_text et_pb_bg_layout_light et_pb_module et_flex_module\"><div class=\"et_pb_text_inner\" data-et-mv-hidden-phone=\"true\"><h3 style=\"text-align: justify;\"><span>Esta selecci\u00f3n de recursos audiovisuales tiene el prop\u00f3sito de <\/span><strong>edificar tu fe, profundizar en el estudio de la Palabra y equiparte<\/strong><span> para vivir una vida que honre a Cristo en todo momento. Nuestra oraci\u00f3n es que cada contenido sea una herramienta \u00fatil para tu caminar diario.<\/span><\/h3>\n<\/div><\/div>\n\n<div class=\"et_pb_text_23 et_pb_text et_pb_bg_layout_light et_pb_module et_flex_module\"><div class=\"et_pb_text_inner\" data-et-mv-hidden-phone=\"true\"><h2><strong>Serie Expositiva &#8211; Para Su gloria\u00a0<\/strong><\/h2>\n<\/div><\/div>\n\n<div class=\"et_pb_text_24 et_pb_text et_pb_bg_layout_light et_pb_module et_flex_module\"><div class=\"et_pb_text_inner\" data-et-mv-hidden-phone=\"true\"><h3>Sigue nuestra serie expositiva completa <strong><span style=\"font-family: Enriqueta; font-weight: normal; color: #fcbc2b;\">Para Su gloria<\/span>. <\/strong>Una serie de la carta del Ap\u00f3stol Pablo a los romanos.<\/h3>\n<\/div><\/div>\n\n<div class=\"et_pb_video_3 et_pb_video et_pb_module et_flex_module\"><div class=\"et_pb_video_box\"><iframe loading=\"lazy\" title=\"El Poder de Dios para salvaci\u00f3n \/ Ps. Armando Ortiz (Romanos 1:1-17)\" width=\"1080\" height=\"608\" src=\"https:\/\/www.youtube.com\/embed\/aP4p-3yO4OU?feature=oembed\"  allow=\"accelerometer; autoplay; clipboard-write; encrypted-media; gyroscope; picture-in-picture; web-share\" referrerpolicy=\"strict-origin-when-cross-origin\" allowfullscreen><\/iframe><\/div><\/div>\n\n<div class=\"et_pb_module et_pb_button_module_wrapper et_pb_button_8_wrapper\"><a class=\"et_pb_button_8 et_pb_button et_pb_bg_layout_light et_pb_module et_flex_module\" href=\"https:\/\/www.youtube.com\/playlist?list=PL192JEKd0e_6GEFO5jabF8I4Rvvi2PSSH\">Escucha la serie completa<\/a><\/div>\n\n<div class=\"et_pb_text_25 et_pb_text et_pb_bg_layout_light et_pb_module et_flex_module\"><div class=\"et_pb_text_inner\" data-et-mv-hidden-phone=\"true\"><h2><strong>Podcast \u2013 Hablemos del Serm\u00f3n<\/strong><\/h2>\n<\/div><\/div>\n\n<div class=\"et_pb_text_26 et_pb_text et_pb_bg_layout_light et_pb_module et_flex_module\"><div class=\"et_pb_text_inner\" data-et-mv-hidden-phone=\"true\"><h3><span>Retomamos los principios y aplicaciones de los sermones para profundizar en ellos y descubrir c\u00f3mo vivirlos en el d\u00eda a d\u00eda.<\/span><\/h3>\n<\/div><\/div>\n\n<div class=\"et_pb_video_4 et_pb_video et_pb_module et_flex_module\"><div class=\"et_pb_video_box\"><iframe loading=\"lazy\" title=\"Hablemos del serm\u00f3n: El poder de Dios para salvaci\u00f3n (Romanos 1:1-17)\" width=\"1080\" height=\"608\" src=\"https:\/\/www.youtube.com\/embed\/dxb5S2XZQrg?feature=oembed\"  allow=\"accelerometer; autoplay; clipboard-write; encrypted-media; gyroscope; picture-in-picture; web-share\" referrerpolicy=\"strict-origin-when-cross-origin\" allowfullscreen><\/iframe><\/div><\/div>\n\n<div class=\"et_pb_module et_pb_button_module_wrapper et_pb_button_9_wrapper\"><a class=\"et_pb_button_9 et_pb_button et_pb_bg_layout_light et_pb_module et_flex_module\" href=\"https:\/\/www.youtube.com\/playlist?list=PL192JEKd0e_7UWLNCq1-TCsZh3KtRNbpc\">Sigue nuestro Podcast<\/a><\/div>\n\n<div class=\"et_pb_text_27 et_pb_text et_pb_bg_layout_light et_pb_module et_flex_module\"><div class=\"et_pb_text_inner\" data-et-mv-hidden-phone=\"true\"><h3>Encuentra nuestro contenido en tus plataformas favoritas. Suscr\u00edbete y escucha nuestros episodios en <b data-path-to-node=\"4,0\" data-index-in-node=\"102\">Spotify, Amazon Music, Apple Podcasts<\/b> y m\u00e1s.<\/h3>\n<\/div><\/div>\n\n<div class=\"et_pb_module et_pb_button_module_wrapper et_pb_button_10_wrapper\"><a class=\"et_pb_button_10 et_pb_button et_pb_bg_layout_light et_pb_module et_flex_module\" href=\"https:\/\/iglesiafamiliadefe.org\/index.php\/recursos-y-ensenanzas\/\">Conocer m\u00e1s<\/a><\/div>\n<\/div>\n<\/div>\n<\/div>","protected":false},"excerpt":{"rendered":"","protected":false},"author":1,"featured_media":0,"parent":0,"menu_order":0,"comment_status":"closed","ping_status":"closed","template":"","meta":{"footnotes":""},"class_list":["post-417","page","type-page","status-publish","hentry"],"_links":{"self":[{"href":"https:\/\/iglesiafamiliadefe.org\/index.php\/wp-json\/wp\/v2\/pages\/417","targetHints":{"allow":["GET"]}}],"collection":[{"href":"https:\/\/iglesiafamiliadefe.org\/index.php\/wp-json\/wp\/v2\/pages"}],"about":[{"href":"https:\/\/iglesiafamiliadefe.org\/index.php\/wp-json\/wp\/v2\/types\/page"}],"author":[{"embeddable":true,"href":"https:\/\/iglesiafamiliadefe.org\/index.php\/wp-json\/wp\/v2\/users\/1"}],"replies":[{"embeddable":true,"href":"https:\/\/iglesiafamiliadefe.org\/index.php\/wp-json\/wp\/v2\/comments?post=417"}],"version-history":[{"count":239,"href":"https:\/\/iglesiafamiliadefe.org\/index.php\/wp-json\/wp\/v2\/pages\/417\/revisions"}],"predecessor-version":[{"id":1678,"href":"https:\/\/iglesiafamiliadefe.org\/index.php\/wp-json\/wp\/v2\/pages\/417\/revisions\/1678"}],"wp:attachment":[{"href":"https:\/\/iglesiafamiliadefe.org\/index.php\/wp-json\/wp\/v2\/media?parent=417"}],"curies":[{"name":"wp","href":"https:\/\/api.w.org\/{rel}","templated":true}]}}